{"id":59,"date":"2020-09-28T16:29:44","date_gmt":"2020-09-28T16:29:44","guid":{"rendered":"https:\/\/usceconomiasocial.gal\/2021\/?page_id=59"},"modified":"2022-05-11T07:58:51","modified_gmt":"2022-05-11T07:58:51","slug":"inicio","status":"publish","type":"page","link":"https:\/\/usceconomiasocial.gal\/2021\/","title":{"rendered":"Inicio"},"content":{"rendered":"<section class=\"wpb-content-wrapper\"><p>[vc_row css_animation=&#8221;&#8221; row_type=&#8221;row&#8221; use_row_as_full_screen_section=&#8221;no&#8221; type=&#8221;grid&#8221; angled_section=&#8221;no&#8221; text_align=&#8221;left&#8221; background_image_as_pattern=&#8221;without_pattern&#8221; enable_first_overlay=&#8221;true&#8221; first_overlay_opacity=&#8221;10&#8243; first_background_type=&#8221;image&#8221; first_background_image=&#8221;20&#8243; first_background_image_size=&#8221;&#8221; z_index=&#8221;&#8221; css=&#8221;.vc_custom_1602169975919{padding-top: 2em !important;padding-bottom: 2em !important;background-color: #000066 !important;}&#8221; el_class=&#8221;custom_row&#8221;][vc_column][vc_row_inner row_type=&#8221;row&#8221; type=&#8221;full_width&#8221; text_align=&#8221;left&#8221; css_animation=&#8221;&#8221; css=&#8221;.vc_custom_1601037482769{margin-top: 50px !important;}&#8221; el_class=&#8221;center_custom_row&#8221;][vc_column_inner width=&#8221;2\/3&#8243;]<div id=\"mpc_textblock-346a9bb28ce02ba\" class=\"mpc-textblock mpc-init colors_textbox color_borders colors_textbox_1st\"><p><strong>A USC ORGANIZA A MOSTRA:<\/strong><\/p>\n<\/div><div id=\"mpc_textblock-736a9bb28ce03d0\" class=\"mpc-textblock mpc-init colors_textbox colors_textbox_2nd color_borders\"><p><strong>PR\u00c9NDETE DA ECONOM\u00cdA SOCIAL!<\/strong><\/p>\n<\/div><div data-id=\"mpc_divider-396a9bb28ce0488\" class=\"mpc-divider-wrap\"><div class=\"mpc-divider mpc-init mpc-align--left mpc-disable--left \" ><div class=\"mpc-divider__line mpc-side--left\"><span><\/span><\/div><div class=\"mpc-divider__line mpc-side--right\"><span><\/span><\/div><\/div><\/div>[qode_elements_holder number_of_columns=&#8221;three_columns&#8221; custom_class=&#8221;custom_holder colors_textbox_hold color_borders&#8221;][qode_elements_holder_item vertical_alignment=&#8221;top&#8221; horizontal_alignment=&#8221;left&#8221; advanced_animations=&#8221;no&#8221; custom_class=&#8221;custom_item_hold&#8221;]<div id=\"mpc_textblock-776a9bb28ce04d7\" class=\"mpc-textblock mpc-init \"><p><strong>SABER<\/strong><\/p>\n<\/div>[\/qode_elements_holder_item][qode_elements_holder_item vertical_alignment=&#8221;top&#8221; horizontal_alignment=&#8221;center&#8221; advanced_animations=&#8221;no&#8221; custom_class=&#8221;custom_item_hold&#8221;]<div id=\"mpc_textblock-76a9bb28ce0554\" class=\"mpc-textblock mpc-init \"><p><strong>CREAR <\/strong><\/p>\n<\/div>[\/qode_elements_holder_item][qode_elements_holder_item vertical_alignment=&#8221;top&#8221; horizontal_alignment=&#8221;right&#8221; advanced_animations=&#8221;no&#8221; custom_class=&#8221;custom_item_hold&#8221;]<div id=\"mpc_textblock-576a9bb28ce05dd\" class=\"mpc-textblock mpc-init \"><p><strong>EMPRENDER<\/strong><\/p>\n<\/div>[\/qode_elements_holder_item][\/qode_elements_holder][\/vc_column_inner][vc_column_inner width=&#8221;1\/3&#8243;][\/vc_column_inner][\/vc_row_inner][vc_row_inner row_type=&#8221;row&#8221; type=&#8221;full_width&#8221; text_align=&#8221;left&#8221; css_animation=&#8221;&#8221; css=&#8221;.vc_custom_1602169823601{margin-top: 30px !important;}&#8221;][vc_column_inner el_class=&#8221;col_left&#8221; width=&#8221;1\/2&#8243;]<div id=\"mpc_textblock-886a9bb28ce064e\" class=\"mpc-textblock mpc-init colors_textbox_Text color_borders_Info_Text\"><p><span style=\"font-size: 14pt;\"><strong>D\u00cdA: <\/strong>27 de outubro de 2021<\/span><\/p>\n<p><span style=\"font-size: 14pt;\"><strong>MODALIDADE VIRTUAL<\/strong><\/span><\/p>\n<p><span style=\"font-size: 14pt;\"><strong>ACCI\u00d3NS:<\/strong><\/span><\/p>\n<ul>\n<li>Participaci\u00f3n de empresas de econom\u00eda social<\/li>\n<li>Charlas sectoriais e talleres para promover o emprendemento en sectores emerxentes<\/li>\n<li>Showrooms e catas sectoriais en econom\u00eda social<\/li>\n<\/ul>\n<\/div>[\/vc_column_inner][vc_column_inner el_class=&#8221;col_right&#8221; width=&#8221;1\/2&#8243;]<div id=\"mpc_textblock-896a9bb28ce06e3\" class=\"mpc-textblock mpc-init colors_textbox_Text cuadro_colores\"><div class=\"wrap_custom\">\n<p><span style=\"font-size: 14pt;\"><strong>M\u00e1is informaci\u00f3n en:<\/strong><\/span><\/p>\n<p><span style=\"font-size: 14pt; color: #e36538;\"><strong><a style=\"color: #e36538;\" href=\"mailto:info@usceconomiasocial.gal\">info@usceconomiasocial.gal<\/a><\/strong><\/span><\/p>\n<p><span style=\"font-size: 14pt;\"><strong>Ligaz\u00f3n para a inscrici\u00f3n:<\/strong><\/span><\/p>\n<p><span style=\"font-size: 14pt; color: #47b586;\"><strong><a style=\"color: #47b586;\" href=\"http:\/\/bit.ly\/mostraprendetedaES21\">http:\/\/bit.ly\/mostraprendetedaES21<\/a><\/strong><\/span><\/p>\n<\/div>\n<\/div><div id=\"mpc_textblock-786a9bb28ce07b8\" class=\"mpc-textblock mpc-init aclaracion\"><p><strong>* A inscrici\u00f3n \u00e9 para asistir de p\u00fablico<\/strong><\/p>\n<\/div>[\/vc_column_inner][\/vc_row_inner][\/vc_column][\/vc_row][vc_row css_animation=&#8221;&#8221; row_type=&#8221;row&#8221; use_row_as_full_screen_section=&#8221;no&#8221; type=&#8221;full_width&#8221; angled_section=&#8221;no&#8221; text_align=&#8221;left&#8221; background_image_as_pattern=&#8221;without_pattern&#8221; first_background_type=&#8221;gradient&#8221; first_background_gradient=&#8221;#c6227e||#e7644d||0;100||90||linear&#8221; z_index=&#8221;&#8221; css=&#8221;.vc_custom_1602168216524{margin-top: 0px !important;border-top-width: 0px !important;padding-top: 0px !important;background-color: #000066 !important;}&#8221; el_class=&#8221;bloques_menu_home&#8221;][vc_column width=&#8221;1\/3&#8243; css=&#8221;.vc_custom_1599473123768{margin-top: 0px !important;margin-right: 0px !important;margin-left: 0px !important;border-top-width: 0px !important;border-right-width: 0px !important;border-left-width: 0px !important;padding-top: 0px !important;padding-right: 0px !important;padding-left: 0px !important;}&#8221;]<a href=\"\/2021\/charlas-sectoriais\/\" title=\"Charlas Sectoriais\"  data-id=\"mpc_icon_column-706a9bb28ce088c\" class=\"mpc-icon-column mpc-init mpc-parent-hover mpc-transition mpc-icon-column--style_1 mpc-align--center blended\" ><div class=\"mpc-icon-column__content-wrap\"><div class=\"mpc-icon-column__content\"><div data-id=\"mpc_divider-356a9bb28ce0dae\" class=\"mpc-divider-wrap\"><div class=\"mpc-divider mpc-init mpc-align--center mpc-disable--left \" ><div class=\"mpc-divider__line mpc-side--left\"><span><\/span><\/div><div class=\"mpc-divider__line mpc-side--right\"><span><\/span><\/div><\/div><\/div><div class=\"mpc-icon-column__description mpc-transition\"><p><strong>Charlas Sectoriais<\/strong><\/p>\n<\/div><\/div><\/div><\/a>[\/vc_column][vc_column width=&#8221;1\/3&#8243; css=&#8221;.vc_custom_1599597265410{margin-top: 0px !important;margin-right: 0px !important;margin-left: 0px !important;border-top-width: 0px !important;padding-top: 0px !important;padding-right: 0px !important;padding-left: 0px !important;border-top-color: #ffffff !important;border-top-style: solid !important;}&#8221; el_class=&#8221;col_medio&#8221;]<a href=\"\/2021\/showrooms-e-catas-sectoriais\/\" title=\"Showrooms e Catas Sectoriais\"  data-id=\"mpc_icon_column-566a9bb28ce0ee2\" class=\"mpc-icon-column mpc-init mpc-parent-hover mpc-transition mpc-icon-column--style_1 mpc-align--center blended\" ><div class=\"mpc-icon-column__content-wrap\"><div class=\"mpc-icon-column__content\"><div data-id=\"mpc_divider-696a9bb28ce124d\" class=\"mpc-divider-wrap\"><div class=\"mpc-divider mpc-init mpc-align--center mpc-disable--left \" ><div class=\"mpc-divider__line mpc-side--left\"><span><\/span><\/div><div class=\"mpc-divider__line mpc-side--right\"><span><\/span><\/div><\/div><\/div><div class=\"mpc-icon-column__description mpc-transition\"><p><strong>Showrooms e<br \/>\nCatas Sectoriais<\/strong><\/p>\n<\/div><\/div><\/div><\/a>[\/vc_column][vc_column width=&#8221;1\/3&#8243; css=&#8221;.vc_custom_1599473177773{margin-top: 0px !important;margin-right: 0px !important;margin-left: 0px !important;border-top-width: 0px !important;border-right-width: 0px !important;border-left-width: 0px !important;padding-top: 0px !important;padding-right: 0px !important;padding-left: 0px !important;}&#8221;]<a href=\"\/2021\/panel-de-empresas\/\" title=\"Panel de empresas\"  data-id=\"mpc_icon_column-486a9bb28ce138f\" class=\"mpc-icon-column mpc-init mpc-parent-hover mpc-transition mpc-icon-column--style_1 mpc-align--center blended\" ><div class=\"mpc-icon-column__content-wrap\"><div class=\"mpc-icon-column__content\"><div data-id=\"mpc_divider-266a9bb28ce186f\" class=\"mpc-divider-wrap\"><div class=\"mpc-divider mpc-init mpc-align--center mpc-disable--left \" ><div class=\"mpc-divider__line mpc-side--left\"><span><\/span><\/div><div class=\"mpc-divider__line mpc-side--right\"><span><\/span><\/div><\/div><\/div><div class=\"mpc-icon-column__description mpc-transition\"><p><strong>Panel de empresas<\/strong><\/p>\n<\/div><\/div><\/div><\/a>[\/vc_column][\/vc_row][vc_row css_animation=&#8221;&#8221; row_type=&#8221;row&#8221; use_row_as_full_screen_section=&#8221;no&#8221; type=&#8221;grid&#8221; angled_section=&#8221;no&#8221; text_align=&#8221;center&#8221; background_image_as_pattern=&#8221;without_pattern&#8221; enable_first_overlay=&#8221;true&#8221; first_overlay_opacity=&#8221;10&#8243; first_background_type=&#8221;image&#8221; first_background_image=&#8221;20&#8243; first_background_image_size=&#8221;&#8221; background_color=&#8221;#f5f5f5&#8243; z_index=&#8221;&#8221; css=&#8221;.vc_custom_1602170036092{padding-top: 4em !important;padding-bottom: 4em !important;background-color: #000066 !important;}&#8221; el_class=&#8221;custom_row&#8221;][vc_column][vc_raw_html]JTNDc2NyaXB0JTNFJTBBJTIwJTIwJTIwJTIwdmFyJTIwJTI0aiUyMCUzRCUyMGpRdWVyeS5ub0NvbmZsaWN0JTI4JTI5JTNCJTBBJTIwJTIwJTIwJTIwJTI0aiUyOGRvY3VtZW50JTI5LnJlYWR5JTI4ZnVuY3Rpb24lMjglMjklMjAlN0IlMEElMjAlMjAlMjAlMjAlMjAlMjAlMjAlMjAlMjRqJTI4JTIyLm1wYy1wb3N0X19jb250ZW50JTIyJTI5LmNsaWNrJTI4ZnVuY3Rpb24lMjglMjklMjAlN0IlMEElMjAlMjAlMjAlMjAlMjAlMjAlMjAlMjAlMjAlMjAlMjAlMjB2YXIlMjB1cmwlMjAlM0QlMjAlMjRqJTI4JTIyYSUyMiUyQyUyMCUyNGolMjh0aGlzJTI5LmZpbmQlMjglMjcubXBjLXBvc3RfX2hlYWRpbmclMjclMjklMjkuYXR0ciUyOCUyMmhyZWYlMjIlMjklMEElMjAlMjAlMjAlMjAlMjAlMjAlMjAlMjAlMjAlMjAlMjAlMjBkb2N1bWVudC5sb2NhdGlvbiUyMCUzRCUyMHVybCUzQiUwQSUyMCUyMCUyMCUyMCUyMCUyMCUyMCUyMCUyMCUyMCUyMCUyMCUyNGolMjh0aGlzJTI5LmZpbmQlMjglMjIubXBjLXBvc3RfX2Rlc2NyaXB0aW9uJTIyJTI5LmNsaWNrJTI4ZnVuY3Rpb24lMjglMjklMjAlN0IlMEElMjAlMjAlMjAlMjAlMjAlMjAlMjAlMjAlMjAlMjAlMjAlMjAlMjAlMjAlMjAlMjBkb2N1bWVudC5sb2NhdGlvbiUyMCUzRCUyMHVybCUzQiUwQSUyMCUyMCUyMCUyMCUyMCUyMCUyMCUyMCUyMCUyMCUyMCUyMCU3RCUyOSUzQiUwQSUyMCUyMCUyMCUyMCUyMCUyMCUyMCUyMCU3RCUyOSUzQiUwQSUyMCUyMCUyMCUyMCU3RCUyOSUzQiUwQSUzQyUyRnNjcmlwdCUzRQ==[\/vc_raw_html]<div id=\"mpc_textblock-496a9bb28ce1935\" class=\"mpc-textblock mpc-init \"><p>Entidades expositoras da Mostra<\/p>\n<\/div><div data-id=\"mpc_divider-16a9bb28ce19cd\" class=\"mpc-divider-wrap\"><div class=\"mpc-divider mpc-init mpc-align--center mpc-disable--left \" ><div class=\"mpc-divider__line mpc-side--left\"><span><\/span><\/div><div class=\"mpc-divider__line mpc-side--right\"><span><\/span><\/div><\/div><\/div>[vc_empty_space height=&#8221;0&#8243; el_class=&#8221;color_space&#8221;][vc_empty_space height=&#8221;40px&#8221; el_class=&#8221;expand_space&#8221;]<div id=\"mpc_textblock-836a9bb28ce1a13\" class=\"mpc-textblock mpc-init caja_azul hide\"><p><strong>Pr\u00f3ximamente<\/strong><\/p>\n<\/div>[vc_row_inner row_type=&#8221;row&#8221; type=&#8221;full_width&#8221; text_align=&#8221;left&#8221; css_animation=&#8221;&#8221; css=&#8221;.vc_custom_1604662489547{margin-top: 30px !important;margin-bottom: -30px !important;}&#8221;][vc_column_inner]<div id=\"mpc_grid_posts_936a9bb28ce4505\" class=\"mpc-grid-posts mpc-init mpc-init mpc-transition mpc-overlay--fade mpc-item--fade mpc-layout--style_6 bloque_empresas bloque_empresas\"  data-grid-cols=\"3\"><div class=\"mpc-grid-sizer\"><\/div><div onclick=\"\" class=\"mpc-post\"><div class=\"mpc-post__wrapper\"><div class=\"mpc-post__thumbnail\" data-mpc_src=\"https:\/\/usceconomiasocial.gal\/2021\/wp-content\/uploads\/2021\/10\/img1-1.png\" data-mpc_link=\"https:\/\/usceconomiasocial.gal\/2021\/2021\/10\/22\/cooperativas_o_taller\/\"><div class=\"mpc-post__overlay mpc-transition\"><div class=\"mpc-post__content mpc-transition\"><div class=\"mpc-wrapper\"><h3 class=\"mpc-post__heading mpc-transition\"><a href=\"https:\/\/usceconomiasocial.gal\/2021\/2021\/10\/22\/cooperativas_o_taller\/\" title=\"Cooperativa O\u2019Taller\">Cooperativa O\u2019Taller<\/a><\/h3><div class=\"mpc-post__description\"><div class=\"force_tag hide\">O\u00b4Taller<\/div>\r\nUn espazo de traballo cooperativo, aberto a  tod@ s e no que realizar proxectos con ferramentas profesionais. \r\nQueremos ser unha incubadora de proxectos eco-responsables que desexen fabricar, reparar ou transformar.<\/div><\/div><\/div><\/div><\/div><div class=\"mpc-post__content mpc-transition\"><div class=\"mpc-wrapper\"><\/div><h3 class=\"mpc-post__heading mpc-transition\"><a href=\"https:\/\/usceconomiasocial.gal\/2021\/2021\/10\/22\/cooperativas_o_taller\/\" title=\"Cooperativa O\u2019Taller\">Cooperativa O\u2019Taller<\/a><\/h3><\/div><\/div><\/div><div onclick=\"\" class=\"mpc-post\"><div class=\"mpc-post__wrapper\"><div class=\"mpc-post__thumbnail\" data-mpc_src=\"https:\/\/usceconomiasocial.gal\/2021\/wp-content\/uploads\/2021\/10\/Imagen1.png\" data-mpc_link=\"https:\/\/usceconomiasocial.gal\/2021\/2021\/10\/18\/o-galpon-lab\/\"><div class=\"mpc-post__overlay mpc-transition\"><div class=\"mpc-post__content mpc-transition\"><div class=\"mpc-wrapper\"><h3 class=\"mpc-post__heading mpc-transition\"><a href=\"https:\/\/usceconomiasocial.gal\/2021\/2021\/10\/18\/o-galpon-lab\/\" title=\"O Galp\u00f3n Lab\">O Galp\u00f3n Lab<\/a><\/h3><div class=\"mpc-post__description\"><div class=\"force_tag hide\">O Galp\u00f3n Lab<\/div>\r\nAsociaci\u00f3n de novas creadoras e creadores, creativas en diferentes disciplinas, que desenvolven principalmente funci\u00f3ns de xesti\u00f3n, creaci\u00f3n e divulgaci\u00f3n do \u00e1mbito cultural galego.<\/div><\/div><\/div><\/div><\/div><div class=\"mpc-post__content mpc-transition\"><div class=\"mpc-wrapper\"><\/div><h3 class=\"mpc-post__heading mpc-transition\"><a href=\"https:\/\/usceconomiasocial.gal\/2021\/2021\/10\/18\/o-galpon-lab\/\" title=\"O Galp\u00f3n Lab\">O Galp\u00f3n Lab<\/a><\/h3><\/div><\/div><\/div><div onclick=\"\" class=\"mpc-post\"><div class=\"mpc-post__wrapper\"><div class=\"mpc-post__thumbnail\" data-mpc_src=\"https:\/\/usceconomiasocial.gal\/2021\/wp-content\/uploads\/2021\/10\/Captura-2.png\" data-mpc_link=\"https:\/\/usceconomiasocial.gal\/2021\/2021\/10\/18\/mareira-bizi\/\"><div class=\"mpc-post__overlay mpc-transition\"><div class=\"mpc-post__content mpc-transition\"><div class=\"mpc-wrapper\"><h3 class=\"mpc-post__heading mpc-transition\"><a href=\"https:\/\/usceconomiasocial.gal\/2021\/2021\/10\/18\/mareira-bizi\/\" title=\"Mareira Bizi S. Coop. Galega\">Mareira Bizi S. Coop. Galega<\/a><\/h3><div class=\"mpc-post__description\"><div class=\"force_tag hide\">Mareira Bizi S. Coop. Galega<\/div>\r\nComprometidas coa sustentabilidade dos nosos oc\u00e9anos, innovando e desenvolvendo ferramentas que permitan \u00e1 sociedade xestionar, entender, respectar e vivir do medio mari\u00f1o a largo plazo.<\/div><\/div><\/div><\/div><\/div><div class=\"mpc-post__content mpc-transition\"><div class=\"mpc-wrapper\"><\/div><h3 class=\"mpc-post__heading mpc-transition\"><a href=\"https:\/\/usceconomiasocial.gal\/2021\/2021\/10\/18\/mareira-bizi\/\" title=\"Mareira Bizi S. Coop. Galega\">Mareira Bizi S. Coop. Galega<\/a><\/h3><\/div><\/div><\/div><div onclick=\"\" class=\"mpc-post\"><div class=\"mpc-post__wrapper\"><div class=\"mpc-post__thumbnail\" data-mpc_src=\"https:\/\/usceconomiasocial.gal\/2021\/wp-content\/uploads\/2020\/11\/Captura-marma-1.png\" data-mpc_link=\"https:\/\/usceconomiasocial.gal\/2021\/2021\/10\/07\/marma-s-coop\/\"><div class=\"mpc-post__overlay mpc-transition\"><div class=\"mpc-post__content mpc-transition\"><div class=\"mpc-wrapper\"><h3 class=\"mpc-post__heading mpc-transition\"><a href=\"https:\/\/usceconomiasocial.gal\/2021\/2021\/10\/07\/marma-s-coop\/\" title=\"Marma S. Coop\">Marma S. Coop<\/a><\/h3><div class=\"mpc-post__description\"><div class=\"force_tag hide\">Marma ideas<\/div>\r\nCremos no talento, no traballo e no noso oficio como ferramenta para transformar a sociedade ata un lugar m\u00e1is xunto, igualitario, diverso e respetuoso co planeta. Por iso, a nosa misi\u00f3n \u00e9 xerar unha comunicaci\u00f3n e contido responsable.<\/div><\/div><\/div><\/div><\/div><div class=\"mpc-post__content mpc-transition\"><div class=\"mpc-wrapper\"><\/div><h3 class=\"mpc-post__heading mpc-transition\"><a href=\"https:\/\/usceconomiasocial.gal\/2021\/2021\/10\/07\/marma-s-coop\/\" title=\"Marma S. Coop\">Marma S. Coop<\/a><\/h3><\/div><\/div><\/div><\/div>[\/vc_column_inner][\/vc_row_inner][vc_empty_space height=&#8221;0&#8243; el_class=&#8221;color_space_red&#8221;][vc_empty_space height=&#8221;50&#8243; el_class=&#8221;color_space_red&#8221;][\/vc_column][\/vc_row][vc_row css_animation=&#8221;&#8221; row_type=&#8221;row&#8221; use_row_as_full_screen_section=&#8221;no&#8221; type=&#8221;grid&#8221; angled_section=&#8221;no&#8221; text_align=&#8221;center&#8221; background_image_as_pattern=&#8221;without_pattern&#8221; row_negative_margin=&#8221;disable_negative_margin&#8221; enable_first_overlay=&#8221;true&#8221; first_overlay_opacity=&#8221;10&#8243; first_background_type=&#8221;image&#8221; first_background_image=&#8221;20&#8243; first_background_image_size=&#8221;&#8221; second_background_type=&#8221;image&#8221; second_background_image=&#8221;961&#8243; second_background_image_size=&#8221;&#8221; second_background_repeat=&#8221;repeat-x&#8221; full_width=&#8221;stretch_row&#8221; css=&#8221;.vc_custom_1602168439170{margin-bottom: 0px !important;padding-top: 4em !important;padding-bottom: 4em !important;background-color: #e6e7e8 !important;}&#8221; z_index=&#8221;&#8221; el_class=&#8221;latest_post custom_row&#8221;][vc_column][vc_raw_html]JTNDc2NyaXB0JTNFJTBBJTIwJTIwJTIwJTIwdmFyJTIwJTI0aiUyMCUzRCUyMGpRdWVyeS5ub0NvbmZsaWN0JTI4JTI5JTNCJTBBJTIwJTIwJTIwJTIwJTI0aiUyOGRvY3VtZW50JTI5LnJlYWR5JTI4ZnVuY3Rpb24lMjglMjklMjAlN0IlMEElMjAlMjAlMjAlMjAlMjAlMjAlMjAlMjAlMjRqJTI4JTIyLm1wYy1wb3N0X19jb250ZW50JTIyJTI5LmNsaWNrJTI4ZnVuY3Rpb24lMjglMjklMjAlN0IlMEElMjAlMjAlMjAlMjAlMjAlMjAlMjAlMjAlMjAlMjAlMjAlMjB2YXIlMjB1cmwlMjAlM0QlMjAlMjRqJTI4JTIyYSUyMiUyQyUyMCUyNGolMjh0aGlzJTI5LmZpbmQlMjglMjcubXBjLXBvc3RfX2hlYWRpbmclMjclMjklMjkuYXR0ciUyOCUyMmhyZWYlMjIlMjklMEElMjAlMjAlMjAlMjAlMjAlMjAlMjAlMjAlMjAlMjAlMjAlMjBkb2N1bWVudC5sb2NhdGlvbiUyMCUzRCUyMHVybCUzQiUwQSUyMCUyMCUyMCUyMCUyMCUyMCUyMCUyMCUyMCUyMCUyMCUyMCUyNGolMjh0aGlzJTI5LmZpbmQlMjglMjIubXBjLXBvc3RfX2Rlc2NyaXB0aW9uJTIyJTI5LmNsaWNrJTI4ZnVuY3Rpb24lMjglMjklMjAlN0IlMEElMjAlMjAlMjAlMjAlMjAlMjAlMjAlMjAlMjAlMjAlMjAlMjAlMjAlMjAlMjAlMjBkb2N1bWVudC5sb2NhdGlvbiUyMCUzRCUyMHVybCUzQiUwQSUyMCUyMCUyMCUyMCUyMCUyMCUyMCUyMCUyMCUyMCUyMCUyMCU3RCUyOSUzQiUwQSUyMCUyMCUyMCUyMCUyMCUyMCUyMCUyMCU3RCUyOSUzQiUwQSUwOSUwOSUyNGolMjglMjIubXBjLXBvc3RfX3RodW1ibmFpbCUyMiUyOS5jbGljayUyOGZ1bmN0aW9uJTI4JTI5JTIwJTdCJTBBJTIwJTIwJTIwJTIwJTIwJTIwJTIwJTIwJTIwJTIwJTIwJTIwdmFyJTIwdXJsJTIwJTNEJTIwJTI0aiUyOCUyMmElMjIlMkMlMjAlMjRqJTI4dGhpcyUyOS5wYXJlbnQlMjglMjkuZmluZCUyOCUyNy5tcGMtcG9zdF9faGVhZGluZyUyNyUyOSUyOS5hdHRyJTI4JTIyaHJlZiUyMiUyOSUwQSUyMCUyMCUyMCUyMCUyMCUyMCUyMCUyMCUyMCUyMCUyMCUyMGRvY3VtZW50LmxvY2F0aW9uJTIwJTNEJTIwdXJsJTNCJTBBJTIwJTIwJTIwJTIwJTIwJTIwJTIwJTIwJTIwJTIwJTIwJTIwJTI0aiUyOHRoaXMlMjkuZmluZCUyOCUyMi5tcGMtcG9zdF9fZGVzY3JpcHRpb24lMjIlMjkuY2xpY2slMjhmdW5jdGlvbiUyOCUyOSUyMCU3QiUwQSUyMCUyMCUyMCUyMCUyMCUyMCUyMCUyMCUyMCUyMCUyMCUyMCUyMCUyMCUyMCUyMGRvY3VtZW50LmxvY2F0aW9uJTIwJTNEJTIwdXJsJTNCJTBBJTIwJTIwJTIwJTIwJTIwJTIwJTIwJTIwJTIwJTIwJTIwJTIwJTdEJTI5JTNCJTBBJTIwJTIwJTIwJTIwJTIwJTIwJTIwJTIwJTdEJTI5JTNCJTBBJTIwJTIwJTIwJTIwJTdEJTI5JTNCJTBBJTNDJTJGc2NyaXB0JTNF[\/vc_raw_html]<div id=\"mpc_textblock-126a9bb28ce7198\" class=\"mpc-textblock mpc-init \"><p>Actualidade da Mostra<\/p>\n<\/div><div data-id=\"mpc_divider-846a9bb28ce72a1\" class=\"mpc-divider-wrap\"><div class=\"mpc-divider mpc-init mpc-align--center mpc-disable--left \" ><div class=\"mpc-divider__line mpc-side--left\"><span><\/span><\/div><div class=\"mpc-divider__line mpc-side--right\"><span><\/span><\/div><\/div><\/div>[vc_empty_space height=&#8221;40px&#8221;][vc_raw_html]JTNDc2NyaXB0JTNFJTBBJTIwJTIwdmFyJTIwJTI0aiUyMCUzRCUyMGpRdWVyeS5ub0NvbmZsaWN0JTI4JTI5JTNCJTBBJTIwJTIwJTI0aiUyOGRvY3VtZW50JTI5LnJlYWR5JTI4ZnVuY3Rpb24lMjAlMjglMjklMjAlN0IlMEElMjAlMjAlMjAlMjAlMjRqJTI4JTIyLm1wYy1wb3N0JTIyJTI5LmVhY2glMjhmdW5jdGlvbiUyMCUyOCUyOSUyMCU3QiUwQSUyMCUyMCUyMCUyMCUyMCUyMHZhciUyMHVybCUyMCUzRCUyMCUyNGolMjglMjJhJTIyJTJDJTIwJTI0aiUyOHRoaXMlMjkuZmluZCUyOCUyMi5tcGMtcG9zdF9faGVhZGluZyUyMiUyOSUyOS5hdHRyJTI4JTIyaHJlZiUyMiUyOSUzQiUwQSUyMCUyMCUyMCUyMCUyMCUyMCUyNGolMjh0aGlzJTI5LndyYXBJbm5lciUyOCUyNyUzQ2ElMjBocmVmJTNEJTIyJTI3JTIwJTJCJTIwdXJsJTIwJTJCJTIwJTI3JTIyJTIwY2xhc3MlM0QlMjJkaW5hbWljX2xpbmslMjIlM0UlM0MlMkZhJTNFJTI3JTI5JTNCJTBBJTIwJTIwJTIwJTIwJTdEJTI5JTNCJTBBJTIwJTIwJTdEJTI5JTNCJTBBJTNDJTJGc2NyaXB0JTNFJTBB[\/vc_raw_html]<div id=\"mpc_grid_posts_786a9bb28ced2c4\" class=\"mpc-grid-posts mpc-init mpc-init mpc-transition mpc-overlay--fade mpc-item--fade mpc-layout--style_5  \"  data-grid-cols=\"3\"><div class=\"mpc-grid-sizer\"><\/div><div onclick=\"\" class=\"mpc-post\"><div class=\"mpc-post__wrapper\"><div class=\"mpc-post__thumbnail\" data-mpc_src=\"https:\/\/usceconomiasocial.gal\/2021\/wp-content\/uploads\/2021\/10\/emprendimiento-1024x682.jpg\" data-mpc_link=\"https:\/\/usceconomiasocial.gal\/2021\/2021\/10\/24\/charlas-sectoriais-de-prendete-da-economia-social-2\/\"><div class=\"mpc-post__overlay mpc-transition\"><div class=\"mpc-post--vertical-wrap\"><div class=\"mpc-post--vertical\" data-mpc_link=\"https:\/\/usceconomiasocial.gal\/2021\/2021\/10\/24\/charlas-sectoriais-de-prendete-da-economia-social-2\/\"><a href=\"https:\/\/usceconomiasocial.gal\/2021\/2021\/10\/24\/charlas-sectoriais-de-prendete-da-economia-social-2\/\" title=\"Read more about Charlas sectoriais de Pr\u00e9ndete da Econom\u00eda Social 2021!\" class=\"mpc-icon-anchor\"><i class=\"mpc-post-overlay__icon mpc-type--readmore fa fa-newspaper-o mpc-icon--mirror\"><\/i><\/a><\/div><\/div><\/div><span class=\"mpc-post__date mpc-date__wrapper\"><a href=\"https:\/\/usceconomiasocial.gal\/2021\/2021\/10\/24\/\"><div class=\"mpc-date__days\">24<\/div><div class=\"mpc-date-wrap\"><div class=\"mpc-date__month\">Out<\/div><div class=\"mpc-date__year\">2021<\/div><\/div><\/a><\/span><\/div><div class=\"mpc-post__content mpc-transition\"><h3 class=\"mpc-post__heading mpc-transition\"><a href=\"https:\/\/usceconomiasocial.gal\/2021\/2021\/10\/24\/charlas-sectoriais-de-prendete-da-economia-social-2\/\" title=\"Charlas sectoriais de Pr\u00e9ndete da Econom\u00eda Social 2021!\">Charlas sectoriais de Pr\u00e9ndete da Econom\u00eda Social 2021!<\/a><\/h3><\/div><\/div><\/div><div onclick=\"\" class=\"mpc-post\"><div class=\"mpc-post__wrapper\"><div class=\"mpc-post__thumbnail\" data-mpc_src=\"https:\/\/usceconomiasocial.gal\/2021\/wp-content\/uploads\/2021\/10\/group-of-business-executives-discussing-over-laptop-at-their-des-1-1024x683.jpg\" data-mpc_link=\"https:\/\/usceconomiasocial.gal\/2021\/2021\/10\/14\/confirmadasas-as-empresas-que-participaran-no-showroom-2\/\"><div class=\"mpc-post__overlay mpc-transition\"><div class=\"mpc-post--vertical-wrap\"><div class=\"mpc-post--vertical\" data-mpc_link=\"https:\/\/usceconomiasocial.gal\/2021\/2021\/10\/14\/confirmadasas-as-empresas-que-participaran-no-showroom-2\/\"><a href=\"https:\/\/usceconomiasocial.gal\/2021\/2021\/10\/14\/confirmadasas-as-empresas-que-participaran-no-showroom-2\/\" title=\"Read more about Confirmadas as empresas que participar\u00e1n no showroom\" class=\"mpc-icon-anchor\"><i class=\"mpc-post-overlay__icon mpc-type--readmore fa fa-newspaper-o mpc-icon--mirror\"><\/i><\/a><\/div><\/div><\/div><span class=\"mpc-post__date mpc-date__wrapper\"><a href=\"https:\/\/usceconomiasocial.gal\/2021\/2021\/10\/14\/\"><div class=\"mpc-date__days\">14<\/div><div class=\"mpc-date-wrap\"><div class=\"mpc-date__month\">Out<\/div><div class=\"mpc-date__year\">2021<\/div><\/div><\/a><\/span><\/div><div class=\"mpc-post__content mpc-transition\"><h3 class=\"mpc-post__heading mpc-transition\"><a href=\"https:\/\/usceconomiasocial.gal\/2021\/2021\/10\/14\/confirmadasas-as-empresas-que-participaran-no-showroom-2\/\" title=\"Confirmadas as empresas que participar\u00e1n no showroom\">Confirmadas as empresas que participar\u00e1n no showroom<\/a><\/h3><\/div><\/div><\/div><div onclick=\"\" class=\"mpc-post\"><div class=\"mpc-post__wrapper\"><div class=\"mpc-post__thumbnail\" data-mpc_src=\"https:\/\/usceconomiasocial.gal\/2021\/wp-content\/uploads\/2021\/10\/Captura-4.png\" data-mpc_link=\"https:\/\/usceconomiasocial.gal\/2021\/2021\/10\/12\/xa-queda-menos-para-a-mostra-prendete-da-economia-social-2\/\"><div class=\"mpc-post__overlay mpc-transition\"><div class=\"mpc-post--vertical-wrap\"><div class=\"mpc-post--vertical\" data-mpc_link=\"https:\/\/usceconomiasocial.gal\/2021\/2021\/10\/12\/xa-queda-menos-para-a-mostra-prendete-da-economia-social-2\/\"><a href=\"https:\/\/usceconomiasocial.gal\/2021\/2021\/10\/12\/xa-queda-menos-para-a-mostra-prendete-da-economia-social-2\/\" title=\"Read more about Xa queda menos para a mostra Pr\u00e9ndete da Econom\u00eda Social 2021!\" class=\"mpc-icon-anchor\"><i class=\"mpc-post-overlay__icon mpc-type--readmore fa fa-newspaper-o mpc-icon--mirror\"><\/i><\/a><\/div><\/div><\/div><span class=\"mpc-post__date mpc-date__wrapper\"><a href=\"https:\/\/usceconomiasocial.gal\/2021\/2021\/10\/12\/\"><div class=\"mpc-date__days\">12<\/div><div class=\"mpc-date-wrap\"><div class=\"mpc-date__month\">Out<\/div><div class=\"mpc-date__year\">2021<\/div><\/div><\/a><\/span><\/div><div class=\"mpc-post__content mpc-transition\"><h3 class=\"mpc-post__heading mpc-transition\"><a href=\"https:\/\/usceconomiasocial.gal\/2021\/2021\/10\/12\/xa-queda-menos-para-a-mostra-prendete-da-economia-social-2\/\" title=\"Xa queda menos para a mostra Pr\u00e9ndete da Econom\u00eda Social 2021!\">Xa queda menos para a mostra Pr\u00e9ndete da Econom\u00eda Social 2021!<\/a><\/h3><\/div><\/div><\/div><div onclick=\"\" class=\"mpc-post\"><div class=\"mpc-post__wrapper\"><div class=\"mpc-post__thumbnail\" data-mpc_src=\"https:\/\/usceconomiasocial.gal\/2021\/wp-content\/uploads\/2020\/11\/pexels-matheus-bertelli-3321791-1-1024x576.jpg\" data-mpc_link=\"https:\/\/usceconomiasocial.gal\/2021\/2020\/11\/11\/estas-son-as-charlas-sectoriais-de-prendete-da-economia-social\/\"><div class=\"mpc-post__overlay mpc-transition\"><div class=\"mpc-post--vertical-wrap\"><div class=\"mpc-post--vertical\" data-mpc_link=\"https:\/\/usceconomiasocial.gal\/2021\/2020\/11\/11\/estas-son-as-charlas-sectoriais-de-prendete-da-economia-social\/\"><a href=\"https:\/\/usceconomiasocial.gal\/2021\/2020\/11\/11\/estas-son-as-charlas-sectoriais-de-prendete-da-economia-social\/\" title=\"Read more about Estas son as charlas sectoriais de Pr\u00e9ndete da Econom\u00eda Social!\" class=\"mpc-icon-anchor\"><i class=\"mpc-post-overlay__icon mpc-type--readmore fa fa-newspaper-o mpc-icon--mirror\"><\/i><\/a><\/div><\/div><\/div><span class=\"mpc-post__date mpc-date__wrapper\"><a href=\"https:\/\/usceconomiasocial.gal\/2021\/2020\/11\/11\/\"><div class=\"mpc-date__days\">11<\/div><div class=\"mpc-date-wrap\"><div class=\"mpc-date__month\">Nov<\/div><div class=\"mpc-date__year\">2020<\/div><\/div><\/a><\/span><\/div><div class=\"mpc-post__content mpc-transition\"><h3 class=\"mpc-post__heading mpc-transition\"><a href=\"https:\/\/usceconomiasocial.gal\/2021\/2020\/11\/11\/estas-son-as-charlas-sectoriais-de-prendete-da-economia-social\/\" title=\"Estas son as charlas sectoriais de Pr\u00e9ndete da Econom\u00eda Social!\">Estas son as charlas sectoriais de Pr\u00e9ndete da Econom\u00eda Social!<\/a><\/h3><\/div><\/div><\/div><div onclick=\"\" class=\"mpc-post\"><div class=\"mpc-post__wrapper\"><div class=\"mpc-post__thumbnail\" data-mpc_src=\"https:\/\/usceconomiasocial.gal\/2021\/wp-content\/uploads\/2020\/11\/pppexels-mentatdgt-936575.jpg\" data-mpc_link=\"https:\/\/usceconomiasocial.gal\/2021\/2020\/11\/10\/confirmados-os-demolabs-tecnoloxicos-da-mostra\/\"><div class=\"mpc-post__overlay mpc-transition\"><div class=\"mpc-post--vertical-wrap\"><div class=\"mpc-post--vertical\" data-mpc_link=\"https:\/\/usceconomiasocial.gal\/2021\/2020\/11\/10\/confirmados-os-demolabs-tecnoloxicos-da-mostra\/\"><a href=\"https:\/\/usceconomiasocial.gal\/2021\/2020\/11\/10\/confirmados-os-demolabs-tecnoloxicos-da-mostra\/\" title=\"Read more about Confirmados os demolabs tecnol\u00f3xicos da mostra\" class=\"mpc-icon-anchor\"><i class=\"mpc-post-overlay__icon mpc-type--readmore fa fa-newspaper-o mpc-icon--mirror\"><\/i><\/a><\/div><\/div><\/div><span class=\"mpc-post__date mpc-date__wrapper\"><a href=\"https:\/\/usceconomiasocial.gal\/2021\/2020\/11\/10\/\"><div class=\"mpc-date__days\">10<\/div><div class=\"mpc-date-wrap\"><div class=\"mpc-date__month\">Nov<\/div><div class=\"mpc-date__year\">2020<\/div><\/div><\/a><\/span><\/div><div class=\"mpc-post__content mpc-transition\"><h3 class=\"mpc-post__heading mpc-transition\"><a href=\"https:\/\/usceconomiasocial.gal\/2021\/2020\/11\/10\/confirmados-os-demolabs-tecnoloxicos-da-mostra\/\" title=\"Confirmados os demolabs tecnol\u00f3xicos da mostra\">Confirmados os demolabs tecnol\u00f3xicos da mostra<\/a><\/h3><\/div><\/div><\/div><div onclick=\"\" class=\"mpc-post\"><div class=\"mpc-post__wrapper\"><div class=\"mpc-post__thumbnail\" data-mpc_src=\"https:\/\/usceconomiasocial.gal\/2021\/wp-content\/uploads\/2020\/11\/pexels-icsa-1708936-1-1024x683.jpg\" data-mpc_link=\"https:\/\/usceconomiasocial.gal\/2021\/2020\/11\/09\/conece-as-empresas-que-participaran-no-showroom\/\"><div class=\"mpc-post__overlay mpc-transition\"><div class=\"mpc-post--vertical-wrap\"><div class=\"mpc-post--vertical\" data-mpc_link=\"https:\/\/usceconomiasocial.gal\/2021\/2020\/11\/09\/conece-as-empresas-que-participaran-no-showroom\/\"><a href=\"https:\/\/usceconomiasocial.gal\/2021\/2020\/11\/09\/conece-as-empresas-que-participaran-no-showroom\/\" title=\"Read more about Co\u00f1ece as empresas que participar\u00e1n no showroom\" class=\"mpc-icon-anchor\"><i class=\"mpc-post-overlay__icon mpc-type--readmore fa fa-newspaper-o mpc-icon--mirror\"><\/i><\/a><\/div><\/div><\/div><span class=\"mpc-post__date mpc-date__wrapper\"><a href=\"https:\/\/usceconomiasocial.gal\/2021\/2020\/11\/09\/\"><div class=\"mpc-date__days\">09<\/div><div class=\"mpc-date-wrap\"><div class=\"mpc-date__month\">Nov<\/div><div class=\"mpc-date__year\">2020<\/div><\/div><\/a><\/span><\/div><div class=\"mpc-post__content mpc-transition\"><h3 class=\"mpc-post__heading mpc-transition\"><a href=\"https:\/\/usceconomiasocial.gal\/2021\/2020\/11\/09\/conece-as-empresas-que-participaran-no-showroom\/\" title=\"Co\u00f1ece as empresas que participar\u00e1n no showroom\">Co\u00f1ece as empresas que participar\u00e1n no showroom<\/a><\/h3><\/div><\/div><\/div><div onclick=\"\" class=\"mpc-post\"><div class=\"mpc-post__wrapper\"><div class=\"mpc-post__thumbnail\" data-mpc_src=\"https:\/\/usceconomiasocial.gal\/2021\/wp-content\/uploads\/2020\/11\/Calendario-accio\u0301ns-USC.v.7-01-1-1024x724.jpg\" data-mpc_link=\"https:\/\/usceconomiasocial.gal\/2021\/2020\/11\/06\/comeza-a-conta-atras-para-a-mostra-prendete-da-economia-social\/\"><div class=\"mpc-post__overlay mpc-transition\"><div class=\"mpc-post--vertical-wrap\"><div class=\"mpc-post--vertical\" data-mpc_link=\"https:\/\/usceconomiasocial.gal\/2021\/2020\/11\/06\/comeza-a-conta-atras-para-a-mostra-prendete-da-economia-social\/\"><a href=\"https:\/\/usceconomiasocial.gal\/2021\/2020\/11\/06\/comeza-a-conta-atras-para-a-mostra-prendete-da-economia-social\/\" title=\"Read more about Comeza a conta atr\u00e1s para a mostra Pr\u00e9ndete da Econom\u00eda Social!\" class=\"mpc-icon-anchor\"><i class=\"mpc-post-overlay__icon mpc-type--readmore fa fa-newspaper-o mpc-icon--mirror\"><\/i><\/a><\/div><\/div><\/div><span class=\"mpc-post__date mpc-date__wrapper\"><a href=\"https:\/\/usceconomiasocial.gal\/2021\/2020\/11\/06\/\"><div class=\"mpc-date__days\">06<\/div><div class=\"mpc-date-wrap\"><div class=\"mpc-date__month\">Nov<\/div><div class=\"mpc-date__year\">2020<\/div><\/div><\/a><\/span><\/div><div class=\"mpc-post__content mpc-transition\"><h3 class=\"mpc-post__heading mpc-transition\"><a href=\"https:\/\/usceconomiasocial.gal\/2021\/2020\/11\/06\/comeza-a-conta-atras-para-a-mostra-prendete-da-economia-social\/\" title=\"Comeza a conta atr\u00e1s para a mostra Pr\u00e9ndete da Econom\u00eda Social!\">Comeza a conta atr\u00e1s para a mostra Pr\u00e9ndete da Econom\u00eda Social!<\/a><\/h3><\/div><\/div><\/div><div onclick=\"\" class=\"mpc-post\"><div class=\"mpc-post__wrapper\"><div class=\"mpc-post__thumbnail\" data-mpc_src=\"https:\/\/usceconomiasocial.gal\/2021\/wp-content\/uploads\/2020\/11\/002-1024x536.jpg\" data-mpc_link=\"https:\/\/usceconomiasocial.gal\/2021\/2020\/11\/05\/que-e-a-economia-social\/\"><div class=\"mpc-post__overlay mpc-transition\"><div class=\"mpc-post--vertical-wrap\"><div class=\"mpc-post--vertical\" data-mpc_link=\"https:\/\/usceconomiasocial.gal\/2021\/2020\/11\/05\/que-e-a-economia-social\/\"><a href=\"https:\/\/usceconomiasocial.gal\/2021\/2020\/11\/05\/que-e-a-economia-social\/\" title=\"Read more about Que \u00e9 a econom\u00eda social?\" class=\"mpc-icon-anchor\"><i class=\"mpc-post-overlay__icon mpc-type--readmore fa fa-newspaper-o mpc-icon--mirror\"><\/i><\/a><\/div><\/div><\/div><span class=\"mpc-post__date mpc-date__wrapper\"><a href=\"https:\/\/usceconomiasocial.gal\/2021\/2020\/11\/05\/\"><div class=\"mpc-date__days\">05<\/div><div class=\"mpc-date-wrap\"><div class=\"mpc-date__month\">Nov<\/div><div class=\"mpc-date__year\">2020<\/div><\/div><\/a><\/span><\/div><div class=\"mpc-post__content mpc-transition\"><h3 class=\"mpc-post__heading mpc-transition\"><a href=\"https:\/\/usceconomiasocial.gal\/2021\/2020\/11\/05\/que-e-a-economia-social\/\" title=\"Que \u00e9 a econom\u00eda social?\">Que \u00e9 a econom\u00eda social?<\/a><\/h3><\/div><\/div><\/div><div onclick=\"\" class=\"mpc-post\"><div class=\"mpc-post__wrapper\"><div class=\"mpc-post__thumbnail\" data-mpc_src=\"https:\/\/usceconomiasocial.gal\/2021\/wp-content\/uploads\/2020\/11\/FORO_TW.png\" data-mpc_link=\"https:\/\/usceconomiasocial.gal\/2021\/2020\/11\/04\/a-universidade-de-santiago-de-compostela-organiza-o-foro-de-financiamento\/\"><div class=\"mpc-post__overlay mpc-transition\"><div class=\"mpc-post--vertical-wrap\"><div class=\"mpc-post--vertical\" data-mpc_link=\"https:\/\/usceconomiasocial.gal\/2021\/2020\/11\/04\/a-universidade-de-santiago-de-compostela-organiza-o-foro-de-financiamento\/\"><a href=\"https:\/\/usceconomiasocial.gal\/2021\/2020\/11\/04\/a-universidade-de-santiago-de-compostela-organiza-o-foro-de-financiamento\/\" title=\"Read more about A Universidade de Santiago de Compostela organiza o Foro de Financiamento\" class=\"mpc-icon-anchor\"><i class=\"mpc-post-overlay__icon mpc-type--readmore fa fa-newspaper-o mpc-icon--mirror\"><\/i><\/a><\/div><\/div><\/div><span class=\"mpc-post__date mpc-date__wrapper\"><a href=\"https:\/\/usceconomiasocial.gal\/2021\/2020\/11\/04\/\"><div class=\"mpc-date__days\">04<\/div><div class=\"mpc-date-wrap\"><div class=\"mpc-date__month\">Nov<\/div><div class=\"mpc-date__year\">2020<\/div><\/div><\/a><\/span><\/div><div class=\"mpc-post__content mpc-transition\"><h3 class=\"mpc-post__heading mpc-transition\"><a href=\"https:\/\/usceconomiasocial.gal\/2021\/2020\/11\/04\/a-universidade-de-santiago-de-compostela-organiza-o-foro-de-financiamento\/\" title=\"A Universidade de Santiago de Compostela organiza o Foro de Financiamento\">A Universidade de Santiago de Compostela organiza o Foro de Financiamento<\/a><\/h3><\/div><\/div><\/div><div onclick=\"\" class=\"mpc-post\"><div class=\"mpc-post__wrapper\"><div class=\"mpc-post__thumbnail\" data-mpc_src=\"https:\/\/usceconomiasocial.gal\/2021\/wp-content\/uploads\/2020\/10\/asset-110-1024x768.jpeg\" data-mpc_link=\"https:\/\/usceconomiasocial.gal\/2021\/2020\/11\/02\/cem-s-coop-galega-e-unha-das-empresas-con-boas-practicas-que-inspiran-a-mostra\/\"><div class=\"mpc-post__overlay mpc-transition\"><div class=\"mpc-post--vertical-wrap\"><div class=\"mpc-post--vertical\" data-mpc_link=\"https:\/\/usceconomiasocial.gal\/2021\/2020\/11\/02\/cem-s-coop-galega-e-unha-das-empresas-con-boas-practicas-que-inspiran-a-mostra\/\"><a href=\"https:\/\/usceconomiasocial.gal\/2021\/2020\/11\/02\/cem-s-coop-galega-e-unha-das-empresas-con-boas-practicas-que-inspiran-a-mostra\/\" title=\"Read more about Cem, s.coop.galega \u00e9 unha das empresas con boas pr\u00e1cticas que inspiran a mostra\" class=\"mpc-icon-anchor\"><i class=\"mpc-post-overlay__icon mpc-type--readmore fa fa-newspaper-o mpc-icon--mirror\"><\/i><\/a><\/div><\/div><\/div><span class=\"mpc-post__date mpc-date__wrapper\"><a href=\"https:\/\/usceconomiasocial.gal\/2021\/2020\/11\/02\/\"><div class=\"mpc-date__days\">02<\/div><div class=\"mpc-date-wrap\"><div class=\"mpc-date__month\">Nov<\/div><div class=\"mpc-date__year\">2020<\/div><\/div><\/a><\/span><\/div><div class=\"mpc-post__content mpc-transition\"><h3 class=\"mpc-post__heading mpc-transition\"><a href=\"https:\/\/usceconomiasocial.gal\/2021\/2020\/11\/02\/cem-s-coop-galega-e-unha-das-empresas-con-boas-practicas-que-inspiran-a-mostra\/\" title=\"Cem, s.coop.galega \u00e9 unha das empresas con boas pr\u00e1cticas que inspiran a mostra\">Cem, s.coop.galega \u00e9 unha das empresas con boas pr\u00e1cticas que inspiran a mostra<\/a><\/h3><\/div><\/div><\/div><div onclick=\"\" class=\"mpc-post\"><div class=\"mpc-post__wrapper\"><div class=\"mpc-post__thumbnail\" data-mpc_src=\"https:\/\/usceconomiasocial.gal\/2021\/wp-content\/uploads\/2020\/10\/video-1.jpg\" data-mpc_link=\"https:\/\/usceconomiasocial.gal\/2021\/2020\/10\/29\/empresa-daveiga-participara-mostra-economia-social-2\/\"><div class=\"mpc-post__overlay mpc-transition\"><div class=\"mpc-post--vertical-wrap\"><div class=\"mpc-post--vertical\" data-mpc_link=\"https:\/\/usceconomiasocial.gal\/2021\/2020\/10\/29\/empresa-daveiga-participara-mostra-economia-social-2\/\"><a href=\"https:\/\/usceconomiasocial.gal\/2021\/2020\/10\/29\/empresa-daveiga-participara-mostra-economia-social-2\/\" title=\"Read more about A empresa Daveiga inspira a mostra Pr\u00e9ndete da Econom\u00eda Social!\" class=\"mpc-icon-anchor\"><i class=\"mpc-post-overlay__icon mpc-type--readmore fa fa-newspaper-o mpc-icon--mirror\"><\/i><\/a><\/div><\/div><\/div><span class=\"mpc-post__date mpc-date__wrapper\"><a href=\"https:\/\/usceconomiasocial.gal\/2021\/2020\/10\/29\/\"><div class=\"mpc-date__days\">29<\/div><div class=\"mpc-date-wrap\"><div class=\"mpc-date__month\">Out<\/div><div class=\"mpc-date__year\">2020<\/div><\/div><\/a><\/span><\/div><div class=\"mpc-post__content mpc-transition\"><h3 class=\"mpc-post__heading mpc-transition\"><a href=\"https:\/\/usceconomiasocial.gal\/2021\/2020\/10\/29\/empresa-daveiga-participara-mostra-economia-social-2\/\" title=\"A empresa Daveiga inspira a mostra Pr\u00e9ndete da Econom\u00eda Social!\">A empresa Daveiga inspira a mostra Pr\u00e9ndete da Econom\u00eda Social!<\/a><\/h3><\/div><\/div><\/div><div onclick=\"\" class=\"mpc-post\"><div class=\"mpc-post__wrapper\"><div class=\"mpc-post__thumbnail\" data-mpc_src=\"https:\/\/usceconomiasocial.gal\/2021\/wp-content\/uploads\/2020\/10\/005-1024x536.jpg\" data-mpc_link=\"https:\/\/usceconomiasocial.gal\/2021\/2020\/10\/28\/abre-o-prazo-de-inscricion-de-prendete-da-economia-social\/\"><div class=\"mpc-post__overlay mpc-transition\"><div class=\"mpc-post--vertical-wrap\"><div class=\"mpc-post--vertical\" data-mpc_link=\"https:\/\/usceconomiasocial.gal\/2021\/2020\/10\/28\/abre-o-prazo-de-inscricion-de-prendete-da-economia-social\/\"><a href=\"https:\/\/usceconomiasocial.gal\/2021\/2020\/10\/28\/abre-o-prazo-de-inscricion-de-prendete-da-economia-social\/\" title=\"Read more about Abre o prazo de inscrici\u00f3n de Pr\u00e9ndete da Econom\u00eda Social!\" class=\"mpc-icon-anchor\"><i class=\"mpc-post-overlay__icon mpc-type--readmore fa fa-newspaper-o mpc-icon--mirror\"><\/i><\/a><\/div><\/div><\/div><span class=\"mpc-post__date mpc-date__wrapper\"><a href=\"https:\/\/usceconomiasocial.gal\/2021\/2020\/10\/28\/\"><div class=\"mpc-date__days\">28<\/div><div class=\"mpc-date-wrap\"><div class=\"mpc-date__month\">Out<\/div><div class=\"mpc-date__year\">2020<\/div><\/div><\/a><\/span><\/div><div class=\"mpc-post__content mpc-transition\"><h3 class=\"mpc-post__heading mpc-transition\"><a href=\"https:\/\/usceconomiasocial.gal\/2021\/2020\/10\/28\/abre-o-prazo-de-inscricion-de-prendete-da-economia-social\/\" title=\"Abre o prazo de inscrici\u00f3n de Pr\u00e9ndete da Econom\u00eda Social!\">Abre o prazo de inscrici\u00f3n de Pr\u00e9ndete da Econom\u00eda Social!<\/a><\/h3><\/div><\/div><\/div><\/div>[\/vc_column][\/vc_row]<\/p>\n<\/section>","protected":false},"excerpt":{"rendered":"<p>[vc_row css_animation=&#8221;&#8221; row_type=&#8221;row&#8221; use_row_as_full_screen_section=&#8221;no&#8221; type=&#8221;grid&#8221; angled_section=&#8221;no&#8221; text_align=&#8221;left&#8221; background_image_as_pattern=&#8221;without_pattern&#8221; enable_first_overlay=&#8221;true&#8221; first_overlay_opacity=&#8221;10&#8243; first_background_type=&#8221;image&#8221; first_background_image=&#8221;20&#8243; first_background_image_size=&#8221;&#8221; z_index=&#8221;&#8221; css=&#8221;.vc_custom_1602169975919{padding-top: 2em !important;padding-bottom: 2em !important;background-color: #000066 !important;}&#8221; el_class=&#8221;custom_row&#8221;][vc_column][vc_row_inner row_type=&#8221;row&#8221; type=&#8221;full_width&#8221; text_align=&#8221;left&#8221; css_animation=&#8221;&#8221; css=&#8221;.vc_custom_1601037482769{margin-top: 50px !important;}&#8221; el_class=&#8221;center_custom_row&#8221;][vc_column_inner width=&#8221;2\/3&#8243;][qode_elements_holder number_of_columns=&#8221;three_columns&#8221; custom_class=&#8221;custom_holder colors_textbox_hold color_borders&#8221;][qode_elements_holder_item vertical_alignment=&#8221;top&#8221; horizontal_alignment=&#8221;left&#8221; advanced_animations=&#8221;no&#8221; custom_class=&#8221;custom_item_hold&#8221;][\/qode_elements_holder_item][qode_elements_holder_item vertical_alignment=&#8221;top&#8221; horizontal_alignment=&#8221;center&#8221; advanced_animations=&#8221;no&#8221; custom_class=&#8221;custom_item_hold&#8221;][\/qode_elements_holder_item][qode_elements_holder_item vertical_alignment=&#8221;top&#8221; horizontal_alignment=&#8221;right&#8221;<\/p>\n","protected":false},"author":1,"featured_media":0,"parent":0,"menu_order":0,"comment_status":"closed","ping_status":"closed","template":"full_width.php","meta":{"inline_featured_image":false,"footnotes":""},"class_list":["post-59","page","type-page","status-publish","hentry"],"_links":{"self":[{"href":"https:\/\/usceconomiasocial.gal\/2021\/wp-json\/wp\/v2\/pages\/59","targetHints":{"allow":["GET"]}}],"collection":[{"href":"https:\/\/usceconomiasocial.gal\/2021\/wp-json\/wp\/v2\/pages"}],"about":[{"href":"https:\/\/usceconomiasocial.gal\/2021\/wp-json\/wp\/v2\/types\/page"}],"author":[{"embeddable":true,"href":"https:\/\/usceconomiasocial.gal\/2021\/wp-json\/wp\/v2\/users\/1"}],"replies":[{"embeddable":true,"href":"https:\/\/usceconomiasocial.gal\/2021\/wp-json\/wp\/v2\/comments?post=59"}],"version-history":[{"count":23,"href":"https:\/\/usceconomiasocial.gal\/2021\/wp-json\/wp\/v2\/pages\/59\/revisions"}],"predecessor-version":[{"id":684,"href":"https:\/\/usceconomiasocial.gal\/2021\/wp-json\/wp\/v2\/pages\/59\/revisions\/684"}],"wp:attachment":[{"href":"https:\/\/usceconomiasocial.gal\/2021\/wp-json\/wp\/v2\/media?parent=59"}],"curies":[{"name":"wp","href":"https:\/\/api.w.org\/{rel}","templated":true}]}}